{"id":254,"date":"2019-09-27T22:10:50","date_gmt":"2019-09-27T20:10:50","guid":{"rendered":"http:\/\/emerka.sk\/?page_id=254"},"modified":"2026-01-22T18:27:46","modified_gmt":"2026-01-22T17:27:46","slug":"program","status":"publish","type":"page","link":"https:\/\/emerka.sk\/?page_id=254","title":{"rendered":"Kurzy a lektori"},"content":{"rendered":"\n<p><\/p>\n\n\n\n<p><\/p>\n\n\n\n<figure class=\"wp-block-image size-large is-resized\"><img loading=\"lazy\" src=\"https:\/\/emerka.sk\/wp-content\/uploads\/2023\/06\/Hudobna-Yamaha-3-724x1024.jpg\" alt=\"\" class=\"wp-image-839\" width=\"1060\" height=\"1499\" srcset=\"https:\/\/emerka.sk\/wp-content\/uploads\/2023\/06\/Hudobna-Yamaha-3-724x1024.jpg 724w, https:\/\/emerka.sk\/wp-content\/uploads\/2023\/06\/Hudobna-Yamaha-3-212x300.jpg 212w, https:\/\/emerka.sk\/wp-content\/uploads\/2023\/06\/Hudobna-Yamaha-3-768x1086.jpg 768w, https:\/\/emerka.sk\/wp-content\/uploads\/2023\/06\/Hudobna-Yamaha-3-1086x1536.jpg 1086w, https:\/\/emerka.sk\/wp-content\/uploads\/2023\/06\/Hudobna-Yamaha-3-1448x2048.jpg 1448w, https:\/\/emerka.sk\/wp-content\/uploads\/2023\/06\/Hudobna-Yamaha-3.jpg 1587w\" sizes=\"(max-width: 1060px) 100vw, 1060px\" \/><figcaption><strong>Lucia Miklo\u0161ov\u00e1 je mamou dvoch dospel\u00fdch folkloristov, &nbsp;<\/strong>dlhoro\u010dne vedie kurz Yamaha, je kordin\u00e1torkou a&nbsp;lektorkou pred\u0161kolsk\u00fdch kurzov Hudobnej \u0161koly Yamaha. Lucia vedie kr\u00fa\u017eok \u013eudov\u00e9ho tanca Hal\u00fazka v&nbsp;Ko\u0161iciach.<br><strong>YAMAHA CLASS<\/strong><br>Deti si zvykaj\u00fa na pobyt v kolekt\u00edve a u\u010dia sa soci\u00e1lnym vz\u0165ahom. Ka\u017ed\u00e1 hodina rozv\u00edja ur\u010dit\u00fa t\u00e9mu zo \u017eivota det\u00ed, ktor\u00e9 zodpovedaj\u00fa ich veku a sk\u00fasenostiam. Ku ka\u017edej t\u00e9me je pripraven\u00e1 zodpovedaj\u00faca piese\u0148, b\u00e1se\u0148 a sluchov\u00e1 uk\u00e1\u017eka, tak\u017ee spolo\u010dne s pr\u00edbehom a rytmickou alebo pohybovou hrou tvor\u00ed hodina organick\u00fd jednotn\u00fd celok.<br>Deti, ktor\u00e9 s\u00fa odmali\u010dka hudobne rozv\u00edjan\u00e9, z\u00edskavaj\u00fa okrem pote\u0161enia z hudby podvedome i predpoklady k rozvoju ich kognit\u00edvnych schopnost\u00ed. V doj\u010denskom veku vedie po\u010d\u00favanie hudby a \u201ehudobn\u00e9 brebtanie\u201c piesn\u00ed k intenz\u00edvnemu prep\u00e1janiu siete nervov\u00fdch buniek v mozgu. Pri intenz\u00edvnom a akt\u00edvnom pre\u017e\u00edvan\u00ed hudby zvl\u00e1daj\u00fa deti v tomto veku hudobn\u00fa komunik\u00e1ciu ako svoju druh\u00fa materinsk\u00fa re\u010d.<br><strong>Vyu\u010dovac\u00ed program ROB\u00cdK<\/strong>&nbsp;od 4 mesiacov do 18 mesiacov<br>Deti po\u010das jedn\u00e9ho roku hudobne objavuj\u00fa svet, ktor\u00fd ich obklopuje a u\u010dia sa mu porozumie\u0165. Farebn\u00e9 leporelo s pies\u0148ami, b\u00e1s\u0148ami a odborn\u00fdmi koment\u00e1rmi, rovnako ako CD s&nbsp;naspievan\u00fdmi pies\u0148ami sl\u00fa\u017eia rodi\u010dom k dom\u00e1cemu opakovaniu hudobn\u00fdch z\u00e1\u017eitkov.<br><strong>Vyu\u010dovac\u00ed program PRV\u00c9 KR\u00d4\u010cIKY K HUDBE<\/strong>&nbsp;od 18 mesiacov &nbsp;do 4 rokov<br>Obsahom Prv\u00fdch kr\u00f4\u010dikov s\u00fa jednoduch\u00e9 piesne, rozpr\u00e1vanie, hudobno-pohybov\u00e9 a rytmick\u00e9 hry, po\u010d\u00favanie skladieb, hra na rytmick\u00e9 hudobn\u00e9 n\u00e1stroje (vr\u00e1tane dopl\u0148uj\u00facich v\u00fdtvarn\u00fdch a pracovn\u00fdch \u010dinnost\u00ed). Ku ka\u017edej t\u00e9me je pripraven\u00e1 zodpovedaj\u00faca piese\u0148, b\u00e1se\u0148 a posluchov\u00e1 uk\u00e1\u017eka, tak\u017ee spolo\u010dne s pr\u00edbehom a rytmickou alebo pohybovou hrou tvor\u00ed hodina organick\u00fd jednotn\u00fd celok. V\u010faka akt\u00edvnej \u00fa\u010dasti jedn\u00e9ho z rodi\u010dov (star\u00fdch rodi\u010dov), vyu\u017e\u00edvan\u00edm zauj\u00edmav\u00fdch u\u010debn\u00fdch materi\u00e1lov \u2013 modern\u00fdch spevn\u00edkov, CD s nahr\u00e1vkami piesn\u00ed a posluchov\u00fdch skladieb, leporiel a \u010fal\u0161\u00edch progres\u00edvnych pom\u00f4cok, je p\u00f4sobenie cielen\u00e9 a intenz\u00edvne.<\/figcaption><\/figure>\n\n\n\n<p class=\"has-medium-font-size\"><strong>Hal\u00fazka:<\/strong><\/p>\n\n\n\n<p>-z\u00e1klady \u013eudov\u00e9ho tanca<\/p>\n\n\n\n<p>-hudobno-pohybov\u00e9 aktivity<\/p>\n\n\n\n<p>-vn\u00edmanie rytmu<\/p>\n\n\n\n<p>-koordin\u00e1cia pohybu<\/p>\n\n\n\n<p>-spr\u00e1vne dr\u017eanie tela<\/p>\n\n\n\n<p>-estetick\u00e9 c\u00edtenie<\/p>\n\n\n\n<p>Ka\u017ed\u00fa stredu o 15.45-16.45 v Emerke<\/p>\n\n\n\n<p>Podporn\u00e1 skupina doj\u010denia sa realizuje v piatky od 9.30-12.00 v r\u00e1mci Podpornej skupiny nosenia spravidla raz do mesiaca.<\/p>\n\n\n\n<figure class=\"wp-block-image size-large is-resized\"><img loading=\"lazy\" src=\"https:\/\/emerka.sk\/wp-content\/uploads\/2023\/06\/Zuzka-Svanova-2-1-724x1024.jpg\" alt=\"\" class=\"wp-image-849\" width=\"1139\" height=\"1611\" srcset=\"https:\/\/emerka.sk\/wp-content\/uploads\/2023\/06\/Zuzka-Svanova-2-1-724x1024.jpg 724w, https:\/\/emerka.sk\/wp-content\/uploads\/2023\/06\/Zuzka-Svanova-2-1-212x300.jpg 212w, https:\/\/emerka.sk\/wp-content\/uploads\/2023\/06\/Zuzka-Svanova-2-1-768x1086.jpg 768w, https:\/\/emerka.sk\/wp-content\/uploads\/2023\/06\/Zuzka-Svanova-2-1-1086x1536.jpg 1086w, https:\/\/emerka.sk\/wp-content\/uploads\/2023\/06\/Zuzka-Svanova-2-1-1448x2048.jpg 1448w, https:\/\/emerka.sk\/wp-content\/uploads\/2023\/06\/Zuzka-Svanova-2-1.jpg 1587w\" sizes=\"(max-width: 1139px) 100vw, 1139px\" \/><figcaption><strong>Zuzka \u0160va\u0148ov\u00e1<\/strong>&nbsp;je mamou dvoch synov, je certifikovanou lektorkou SM syst\u00e9m-u, osobnou&nbsp; tr\u00e9nerkou, v\u00fd\u017eivovou poradky\u0148ou a&nbsp;certifikovanou marderoterapeutkou.<br>Vedie pohybov\u00e9 aktivity: SM syst\u00e9m, Kruhov\u00fd tr\u00e9ning a Fit mon= happy kid<br><strong>SM Syst\u00e9m<\/strong><br>SM Syst\u00e9m je ur\u010den\u00fd pre ka\u017ed\u00e9ho jedinca \u2013 deti od 5 rokov, dospel\u00ed i star\u0161\u00ed \u013eudia, ktor\u00ed maj\u00fa z\u00e1ujem o zdrav\u00fd telesn\u00fd v\u00fdvoj, prevenciu proti vzniku bolest\u00ed chrbta, pr\u00edpadne trpia probl\u00e9mami s chrbticou. SM Syst\u00e9m predstavuje systematick\u00e9 cvi\u010denia zameran\u00e9 na pohybov\u00fd apar\u00e1t \u010dloveka; predov\u0161etk\u00fdm chrbticu. Sp\u00e1ja rehabilita\u010dn\u00fa lie\u010dbu s prevenciou, regener\u00e1ciou a kondi\u010dn\u00fdm tr\u00e9ningom v jednotnom metodickom postupe.<br><strong>Kurz FIT MOM = HAPPY KID<\/strong><br>\u2705 die\u0165a sa u\u010d\u00ed pracova\u0165 v kolekt\u00edve<br>\u2705 u\u010d\u00ed sa robi\u0165 to, \u010do sa od neho \u017eiada, nie len to \u010do si zmysl\u00ed<br>\u2705 tr\u00e9nuje si fyzick\u00fa zdatnos\u0165<br>\u2705 tr\u00e9nuje si jemn\u00fa\/hrub\u00fa motoriku<br>\u2705 buduje si imunitu<br>\u2705 v\u00fdborn\u00fd z\u00e1klad pred n\u00e1stupom do \u0161k\u00f4lky<br>\u2705ka\u017ed\u00e1 hodina aj ke\u010f die\u0165atko na nej nespolupracuje na 100% mu d\u00e1va ve\u013ea, \u010dasto len pozoruje, ale verte \u017ee si to fixuje<br><strong>Kruhov\u00fd tr\u00e9ning<\/strong><br>Kruhov\u00fd tr\u00e9ning je v\u00fdborn\u00fdm sp\u00f4sobom, ako behom jednej jednotky pracova\u0165 na svalovej sile a flexibilite, celkovej kond\u00edcie a vytrvalosti. Jeden tr\u00e9ning je zlo\u017een\u00fd z nieko\u013ek\u00fdch \u201ekruhov\u201c, pri\u010dom ka\u017ed\u00fd obsahuje 6 a\u017e 10 cvikov, ktor\u00e9 sa v r\u00e1mci neho vykon\u00e1vaj\u00fa jeden po druhom (bu\u010f predp\u00edsan\u00fd po\u010det opakovan\u00ed alebo ur\u010dit\u00fd \u010dasov\u00fd \u00fasek) s \u010do najmen\u0161\u00edmi prest\u00e1vkami. Po nej sa kruh zopakuje to\u013ekokr\u00e1t, ko\u013eko sa napl\u00e1novalo. Skladba je takisto ve\u013emi variabiln\u00e1, obsahuje cviky, ktor\u00e9 precvi\u010dia svaly cel\u00e9ho tela.<\/figcaption><\/figure>\n\n\n\n<figure class=\"wp-block-image size-large is-resized\"><img loading=\"lazy\" src=\"https:\/\/emerka.sk\/wp-content\/uploads\/2023\/06\/Podporna-skupina-nosiacich-mam-Babywearing-Presov-2-724x1024.jpg\" alt=\"\" class=\"wp-image-851\" width=\"1141\" height=\"1614\" srcset=\"https:\/\/emerka.sk\/wp-content\/uploads\/2023\/06\/Podporna-skupina-nosiacich-mam-Babywearing-Presov-2-724x1024.jpg 724w, https:\/\/emerka.sk\/wp-content\/uploads\/2023\/06\/Podporna-skupina-nosiacich-mam-Babywearing-Presov-2-212x300.jpg 212w, https:\/\/emerka.sk\/wp-content\/uploads\/2023\/06\/Podporna-skupina-nosiacich-mam-Babywearing-Presov-2-768x1086.jpg 768w, https:\/\/emerka.sk\/wp-content\/uploads\/2023\/06\/Podporna-skupina-nosiacich-mam-Babywearing-Presov-2-1086x1536.jpg 1086w, https:\/\/emerka.sk\/wp-content\/uploads\/2023\/06\/Podporna-skupina-nosiacich-mam-Babywearing-Presov-2-1448x2048.jpg 1448w, https:\/\/emerka.sk\/wp-content\/uploads\/2023\/06\/Podporna-skupina-nosiacich-mam-Babywearing-Presov-2.jpg 1587w\" sizes=\"(max-width: 1141px) 100vw, 1141px\" \/><figcaption><strong>\u013dudmila Macejov\u00e1<\/strong>&nbsp;je mamou dvoch det\u00ed, je koordin\u00e1torkou a&nbsp;certifikovanou poradky\u0148ou Babywearing Pre\u0161ov.<br><strong>Podporn\u00e1 skupina nosiacich m\u00e1m<\/strong>&nbsp;sa stret\u00e1va ka\u017ed\u00fd piatok &nbsp;doobedu. Certifikovan\u00e9 poradkyne nosenia&nbsp; rady s nosen\u00edm V\u00e1\u0161ho die\u0165atka pom\u00f4\u017eu&nbsp;so \u0161atkou aj nosi\u010dom. M\u00e1te tie\u017e mo\u017enos\u0165 si \u0161atku\/nosi\u010d po\u017ei\u010da\u0165 a&nbsp;z\u00edska\u0165 poradenstvo a&nbsp;odpovede na Va\u0161e ot\u00e1zky. Stretnutia ka\u017ed\u00fd piatok od 9.30-12.00.<\/figcaption><\/figure>\n\n\n\n<p><\/p>\n\n\n\n<p><strong>Daniela Bar\u0148\u00e1kov\u00e1<\/strong> je mamou troch det\u00ed, je zakladate\u013ekou<strong> Iniciat\u00edvy \u017eien v&nbsp;Pre\u0161ove.<\/strong><\/p>\n\n\n\n<p><\/p>\n\n\n\n<p><strong>Utorkov\u00e9 poobedn\u00e9 stretnutia<\/strong>, ktor\u00fdch \u00fa\u010delom sa stret\u00e1va\u0165 sa, komunikova\u0165, odovzd\u00e1va\u0165 inform\u00e1cie a&nbsp;sk\u00fasenosti.<\/p>\n\n\n\n<p>\u00da\u010delom Iniciat\u00edvy \u017eien je informova\u0165 \u017eeny o tom, ako by mala vyzera\u0165 dobr\u00e1 prax v na\u0161ich p\u00f4rodniciach, pod\u013ea medic\u00edny zalo\u017eenej na vedeck\u00fdch d\u00f4kazoch, pouk\u00e1za\u0165 na pr\u00e1va \u017eien po\u010das tehotenstva, p\u00f4rodu a po p\u00f4rode. Pouk\u00e1za\u0165 na po\u0161kodzuj\u00face rutinne zau\u017e\u00edvan\u00e9 postupy v p\u00f4rodniciach.<\/p>\n\n\n\n<p>O \u010cO IDE:<\/p>\n\n\n\n<ul><li>Aby to, \u010do \u017eiadame bolo \u0161tandardom v na\u0161ich p\u00f4rodniciach<\/li><\/ul>\n\n\n\n<ul><li>\u0160tandard nastaven\u00fd tak, aby matka nemusela \u017eiada\u0165 o svoje die\u0165a. Naopak, aby mohla po\u017eiada\u0165 o pomoc s die\u0165a\u0165om v pr\u00edpade jej nepriazniv\u00e9ho zdravotn\u00e9ho stavu, \u010di nezvl\u00e1dnute\u013enej \u00fanavy<\/li><\/ul>\n\n\n\n<ul><li>Aby sa ka\u017edej \u017eene dostalo d\u00f4stojn\u00e9ho a re\u0161pektuj\u00faceho zaobch\u00e1dzania v \u010dase jej d\u00f4le\u017eit\u00e9ho momentu v \u017eivote<\/li><\/ul>\n\n\n\n<figure class=\"wp-block-image size-large is-resized\"><img loading=\"lazy\" src=\"https:\/\/emerka.sk\/wp-content\/uploads\/2026\/01\/179b655e-8b7c-4175-89db-5c32575d2f74-1024x1024.jpg\" alt=\"\" class=\"wp-image-1224\" width=\"1137\" height=\"1137\" srcset=\"https:\/\/emerka.sk\/wp-content\/uploads\/2026\/01\/179b655e-8b7c-4175-89db-5c32575d2f74-1024x1024.jpg 1024w, https:\/\/emerka.sk\/wp-content\/uploads\/2026\/01\/179b655e-8b7c-4175-89db-5c32575d2f74-300x300.jpg 300w, https:\/\/emerka.sk\/wp-content\/uploads\/2026\/01\/179b655e-8b7c-4175-89db-5c32575d2f74-150x150.jpg 150w, https:\/\/emerka.sk\/wp-content\/uploads\/2026\/01\/179b655e-8b7c-4175-89db-5c32575d2f74-768x768.jpg 768w, https:\/\/emerka.sk\/wp-content\/uploads\/2026\/01\/179b655e-8b7c-4175-89db-5c32575d2f74.jpg 1080w\" sizes=\"(max-width: 1137px) 100vw, 1137px\" \/><\/figure>\n\n\n\n<p class=\"has-medium-font-size\"><strong>Na jednotliv\u00e9 kurzy sa m\u00f4\u017eete hl\u00e1si\u0165  telefonicky priamo jednotliv\u00fdm lektork\u00e1m, alebo na emerka.roc@gmail.com<\/strong><\/p>\n\n\n\n<p>Anna Seman\u010d\u00edkov\u00e1: 0949 273 832, nercia.miliant@post.sk<\/p>\n\n\n\n<p>Zuzana Roh\u00e1\u010dkov\u00e1: 0949 174 145, zuzana.rohackova@gmail.com<\/p>\n\n\n\n<p>Tatiana Ban\u00edkov\u00e1: 0908 037 078, tatiana.konkolova@gmail.com<\/p>\n\n\n\n<p>Tatiana Bos\u00e1kov\u00e1: 0908 442 282,tatiana.bosakova2@gmail.com<\/p>\n\n\n\n<p>Zuzana \u0160va\u0148ov\u00e1:0907 793 723, zuzana.svanova@gmail.com<\/p>\n","protected":false},"excerpt":{"rendered":"<p>Hal\u00fazka: -z\u00e1klady \u013eudov\u00e9ho tanca -hudobno-pohybov\u00e9 aktivity -vn\u00edmanie rytmu -koordin\u00e1cia pohybu -spr\u00e1vne dr\u017eanie tela -estetick\u00e9 c\u00edtenie Ka\u017ed\u00fa stredu o 15.45-16.45 v Emerke Podporn\u00e1 skupina doj\u010denia sa realizuje v piatky od 9.30-12.00 v r\u00e1mci Podpornej skupiny nosenia spravidla raz do mesiaca. Daniela Bar\u0148\u00e1kov\u00e1 je mamou troch det\u00ed, je zakladate\u013ekou Iniciat\u00edvy \u017eien v&nbsp;Pre\u0161ove. Utorkov\u00e9 poobedn\u00e9 stretnutia, ktor\u00fdch \u00fa\u010delom <a class=\"read-more\" href=\"https:\/\/emerka.sk\/?page_id=254\">\u010cita\u0165 \u010falej<\/a><\/p>\n","protected":false},"author":2,"featured_media":0,"parent":0,"menu_order":0,"comment_status":"closed","ping_status":"closed","template":"","meta":{"ngg_post_thumbnail":0,"_monsterinsights_skip_tracking":false,"_monsterinsights_sitenote_active":false,"_monsterinsights_sitenote_note":"","_monsterinsights_sitenote_category":0},"_links":{"self":[{"href":"https:\/\/emerka.sk\/index.php?rest_route=\/wp\/v2\/pages\/254"}],"collection":[{"href":"https:\/\/emerka.sk\/index.php?rest_route=\/wp\/v2\/pages"}],"about":[{"href":"https:\/\/emerka.sk\/index.php?rest_route=\/wp\/v2\/types\/page"}],"author":[{"embeddable":true,"href":"https:\/\/emerka.sk\/index.php?rest_route=\/wp\/v2\/users\/2"}],"replies":[{"embeddable":true,"href":"https:\/\/emerka.sk\/index.php?rest_route=%2Fwp%2Fv2%2Fcomments&post=254"}],"version-history":[{"count":5,"href":"https:\/\/emerka.sk\/index.php?rest_route=\/wp\/v2\/pages\/254\/revisions"}],"predecessor-version":[{"id":1225,"href":"https:\/\/emerka.sk\/index.php?rest_route=\/wp\/v2\/pages\/254\/revisions\/1225"}],"wp:attachment":[{"href":"https:\/\/emerka.sk\/index.php?rest_route=%2Fwp%2Fv2%2Fmedia&parent=254"}],"curies":[{"name":"wp","href":"https:\/\/api.w.org\/{rel}","templated":true}]}}